{"id":2042,"date":"2025-03-12T22:26:58","date_gmt":"2025-03-12T22:26:58","guid":{"rendered":"https:\/\/fff-bochum.de\/?page_id=2042"},"modified":"2025-07-02T20:53:26","modified_gmt":"2025-07-02T20:53:26","slug":"fotoausstellungen","status":"publish","type":"page","link":"https:\/\/fff-bochum.de\/?page_id=2042","title":{"rendered":"Fotoausstellungen"},"content":{"rendered":"\r\n<p>&nbsp;<\/p>\r\n\r\n\r\n\r\n<h2>Unser Club zeigt eine aktuelle Bildauswahl auch regelm\u00e4\u00dfig als Ausstellung, in der Regel im Rahmen der B\u00fcrgerwoche Ost.<\/h2>\r\n\r\n\r\n\r\n<p>&nbsp;<\/p>\r\n\r\n\r\n\r\n<h2 class=\"has-large-font-size\">&nbsp;<\/h2>\r\n\r\n\r\n\r\n<p class=\"has-large-font-size\"><strong>Ausstellung 2025<\/strong><\/p>\r\n\r\n\r\n\r\n\r\n\r\n\r\n\r\n<p><a href=\"https:\/\/fff-bochum.de\/wp-content\/uploads\/2025\/05\/Ausstellung-FFF-Plakat-2025.jpg\"><img decoding=\"async\" loading=\"lazy\" class=\"aligncenter size-large wp-image-2082\" src=\"https:\/\/fff-bochum.de\/wp-content\/uploads\/2025\/05\/Ausstellung-FFF-Plakat-2025-731x1024.jpg\" alt=\"\" width=\"731\" height=\"1024\" srcset=\"https:\/\/fff-bochum.de\/wp-content\/uploads\/2025\/05\/Ausstellung-FFF-Plakat-2025-731x1024.jpg 731w, https:\/\/fff-bochum.de\/wp-content\/uploads\/2025\/05\/Ausstellung-FFF-Plakat-2025-214x300.jpg 214w, https:\/\/fff-bochum.de\/wp-content\/uploads\/2025\/05\/Ausstellung-FFF-Plakat-2025-768x1076.jpg 768w, https:\/\/fff-bochum.de\/wp-content\/uploads\/2025\/05\/Ausstellung-FFF-Plakat-2025-1096x1536.jpg 1096w, https:\/\/fff-bochum.de\/wp-content\/uploads\/2025\/05\/Ausstellung-FFF-Plakat-2025.jpg 1233w\" sizes=\"(max-width: 731px) 100vw, 731px\" \/><\/a><\/p>\r\n<p>&nbsp;<\/p>\r\n\r\n\r\n\r\n<p class=\"has-large-font-size\"><strong>Ausstellung 2024 <\/strong><\/p>\r\n\r\n\r\n\r\n<figure class=\"wp-block-image size-large\"><img decoding=\"async\" loading=\"lazy\" width=\"1024\" height=\"724\" class=\"wp-image-2010\" src=\"https:\/\/fff-bochum.de\/wp-content\/uploads\/2024\/08\/Ausstellung-FFF-Plakat-2024-1024x724.jpg\" alt=\"\" srcset=\"https:\/\/fff-bochum.de\/wp-content\/uploads\/2024\/08\/Ausstellung-FFF-Plakat-2024-1024x724.jpg 1024w, https:\/\/fff-bochum.de\/wp-content\/uploads\/2024\/08\/Ausstellung-FFF-Plakat-2024-300x212.jpg 300w, https:\/\/fff-bochum.de\/wp-content\/uploads\/2024\/08\/Ausstellung-FFF-Plakat-2024-768x543.jpg 768w, https:\/\/fff-bochum.de\/wp-content\/uploads\/2024\/08\/Ausstellung-FFF-Plakat-2024-1536x1086.jpg 1536w, https:\/\/fff-bochum.de\/wp-content\/uploads\/2024\/08\/Ausstellung-FFF-Plakat-2024.jpg 1754w\" sizes=\"(max-width: 1024px) 100vw, 1024px\" \/><\/figure>\r\n\r\n\r\n\r\n<p>&nbsp;<\/p>\r\n\r\n\r\n\r\n<p>&nbsp;<\/p>\r\n\r\n\r\n\r\n<p class=\"has-large-font-size\"><strong>Ausstellung 2022<\/strong><\/p>\r\n\r\n\r\n\r\n<figure class=\"wp-block-image size-full\"><img decoding=\"async\" loading=\"lazy\" width=\"563\" height=\"797\" class=\"wp-image-1773\" src=\"https:\/\/fff-bochum.de\/wp-content\/uploads\/2022\/05\/Ausstellung-2022.jpg\" alt=\"\" srcset=\"https:\/\/fff-bochum.de\/wp-content\/uploads\/2022\/05\/Ausstellung-2022.jpg 563w, https:\/\/fff-bochum.de\/wp-content\/uploads\/2022\/05\/Ausstellung-2022-212x300.jpg 212w\" sizes=\"(max-width: 563px) 100vw, 563px\" \/><\/figure>\r\n\r\n<div class=\"notranslate\" style=\"all: initial;\">&nbsp;<\/div>","protected":false},"excerpt":{"rendered":"<p>&nbsp; Unser Club zeigt eine aktuelle Bildauswahl auch regelm\u00e4\u00dfig als Ausstellung, in der Regel im Rahmen der B\u00fcrgerwoche Ost. &nbsp; &nbsp; Ausstellung 2025 &nbsp; Ausstellung 2024 &nbsp; &nbsp; Ausstellung 2022 &nbsp;<\/p>\n","protected":false},"author":1,"featured_media":0,"parent":0,"menu_order":0,"comment_status":"closed","ping_status":"closed","template":"","meta":{"ngg_post_thumbnail":0},"_links":{"self":[{"href":"https:\/\/fff-bochum.de\/index.php?rest_route=\/wp\/v2\/pages\/2042"}],"collection":[{"href":"https:\/\/fff-bochum.de\/index.php?rest_route=\/wp\/v2\/pages"}],"about":[{"href":"https:\/\/fff-bochum.de\/index.php?rest_route=\/wp\/v2\/types\/page"}],"author":[{"embeddable":true,"href":"https:\/\/fff-bochum.de\/index.php?rest_route=\/wp\/v2\/users\/1"}],"replies":[{"embeddable":true,"href":"https:\/\/fff-bochum.de\/index.php?rest_route=%2Fwp%2Fv2%2Fcomments&post=2042"}],"version-history":[{"count":28,"href":"https:\/\/fff-bochum.de\/index.php?rest_route=\/wp\/v2\/pages\/2042\/revisions"}],"predecessor-version":[{"id":2093,"href":"https:\/\/fff-bochum.de\/index.php?rest_route=\/wp\/v2\/pages\/2042\/revisions\/2093"}],"wp:attachment":[{"href":"https:\/\/fff-bochum.de\/index.php?rest_route=%2Fwp%2Fv2%2Fmedia&parent=2042"}],"curies":[{"name":"wp","href":"https:\/\/api.w.org\/{rel}","templated":true}]}}